{"id":14,"date":"2019-01-26T09:22:15","date_gmt":"2019-01-26T09:22:15","guid":{"rendered":"https:\/\/kulturland.ch\/wordpress\/?page_id=14"},"modified":"2026-03-06T09:09:15","modified_gmt":"2026-03-06T09:09:15","slug":"coaching-facilitation","status":"publish","type":"page","link":"https:\/\/kulturland.ch\/?page_id=14","title":{"rendered":""},"content":{"rendered":"\n<p class=\"has-text-align-center has-large-font-size\"><strong>Coaching und Facilitation<\/strong><\/p>\n\n\n<div class=\"wp-block-image\">\n<figure class=\"aligncenter size-large is-resized\"><img loading=\"lazy\" decoding=\"async\" width=\"600\" height=\"400\" src=\"https:\/\/kulturland.ch\/wp-content\/uploads\/2025\/09\/DSC_0364-1-600x400.jpeg\" alt=\"\" class=\"wp-image-1756\" style=\"width:337px;height:auto\" srcset=\"https:\/\/kulturland.ch\/wp-content\/uploads\/2025\/09\/DSC_0364-1-600x400.jpeg 600w, https:\/\/kulturland.ch\/wp-content\/uploads\/2025\/09\/DSC_0364-1-300x200.jpeg 300w, https:\/\/kulturland.ch\/wp-content\/uploads\/2025\/09\/DSC_0364-1-150x100.jpeg 150w, https:\/\/kulturland.ch\/wp-content\/uploads\/2025\/09\/DSC_0364-1-768x512.jpeg 768w, https:\/\/kulturland.ch\/wp-content\/uploads\/2025\/09\/DSC_0364-1-1536x1024.jpeg 1536w, https:\/\/kulturland.ch\/wp-content\/uploads\/2025\/09\/DSC_0364-1-2048x1365.jpeg 2048w\" sizes=\"auto, (max-width: 600px) 100vw, 600px\" \/><\/figure>\n<\/div>\n\n\n<p class=\"has-text-align-center has-medium-font-size\"><strong>Kurzfristiges Coaching: <\/strong><\/p>\n\n\n\n<p class=\"has-text-align-center\" style=\"font-size:19px\">Du hast eine Krise und brauchst dringend  Unterst\u00fctzung. Einige Coachings k\u00f6nnen dir helfen, wieder Fluss in dein Leben zu bringen. Ich unterst\u00fctze dich, das Problem im Hintergrund zu erkennen und den Kontakt zu deiner Energie wiederzufinden.<\/p>\n\n\n\n<p class=\"has-text-align-center\" style=\"font-size:19px\"><strong><strong>L\u00e4ngerfristiges Coaching:<\/strong><\/strong><br><br>Du interessierst dich f\u00fcr die Erweiterung deiner Handlungsm\u00f6glichkeiten. Du sp\u00fcrst, dass sich etwas ver\u00e4ndern sollte oder m\u00f6chte und w\u00fcnschst eine l\u00e4ngerfristige Arbeit mit einem Coach.<\/p>\n\n\n\n<p class=\"has-medium-font-size\"><\/p>\n\n\n\n<p><\/p>\n\n\n\n<h3 class=\"wp-block-heading has-text-align-center has-medium-font-size\"><strong>Dein Leben ist dein Kunstwerk<\/strong><\/h3>\n\n\n\n<p class=\"has-text-align-left\"><\/p>\n\n\n\n<p><\/p>\n\n\n\n<p style=\"font-size:19px\">Im Coaching geht es im Wesentlichen darum, deine Lebensmelodie zu finden bzw. wiederzufinden. Sie ist immer da, manchmal geht sie jedoch vergessen, schwierige Phasen oder Ereignisse \u00fcberdecken sie. In solchen Zeiten kannst du sie nicht mehr h\u00f6ren. Findest und h\u00f6rst du sie wieder, findest du dich selbst in deiner Essenz und wirst wieder K\u00fcnstlerin deines ureigenen, unverwechselbaren Lebens. Deine Lebensmelodie hat verschiedene Strophen, die Melodie variiert und du bist deren Kreator:in. Du nimmst dein gegenw\u00e4rtiges Leben, deine gegenw\u00e4rtige Umst\u00e4nde als eine der vielen Strophen wahr und kreierst sie neu. In dem Sinne bist du die K\u00fcnstlerin, die Erschafferin deines Lebens, deines Alltags. Deine Themen m\u00f6gen vielleicht schwierig sein. Wenn du jedoch deine eigene K\u00fcnstlerin bist, findest du M\u00f6glichkeiten, inmitten der Schwierigkeiten deine eigene Kraft zu finden. Dein Bewusstsein wandelt sich. Diesen Prozess nenne ich die Arbeit an deinem \u00abOpus\u00bb, deinem \u00abKunstwerk\u00bb. Das Kunstwerk bist du selber.<\/p>\n\n\n\n<p style=\"font-size:19px\">Dein Opus ist ein work in progress, nie zu Ende, immer wieder neu auf dem Weg back home, immer n\u00e4her an deine Essenz, zum \u201eWer du bist\u201c.<br><br><\/p>\n\n\n\n<p><\/p>\n\n\n\n<h4 class=\"wp-block-heading has-text-align-center\"><a href=\"https:\/\/kulturland.ch\/?page_id=171\" target=\"_blank\" rel=\"noreferrer noopener\">Kontakt<\/a><\/h4>\n\n\n\n<p class=\"has-text-align-center\" style=\"font-size:19px\">Das Coaching kann im  Atelier auf meinem Hof, draussen in der Natur, in der Altstadt von Bern (Myke Keller 48, M\u00fcnstergasse 48 Bern) oder auch auf Skype\/Zoom stattfinden.<\/p>\n\n\n\n<p class=\"has-text-align-center\" style=\"font-size:19px\">Bist du  eine professionelle Musikerin, ein Musiker, K\u00fcnstlerin, K\u00fcnstler oder P\u00e4dagoge, P\u00e4dagogin   und suchst auf deinem Weg Unterst\u00fctzung? <br><strong><a aria-label=\"HIER (\u00f6ffnet in neuem Tab)\" href=\"https:\/\/kraftortmusik.ch\/coaching-facilitation-fuer-kuenstlerisch-schaffende\/\" target=\"_blank\" rel=\"noreferrer noopener\">HIER<\/a><\/strong><br>&#8212;&#8212;&#8212;&#8212;&#8212;&#8212;&#8212;&#8212;&#8212;&#8212;&#8212;&#8212;&#8212;&#8212;&#8212;&#8212;&#8212;&#8212;&#8212;&#8212;&#8212;&#8212;&#8212;&#8212;&#8212;&#8212;&#8212;&#8212;&#8212;&#8212;&#8212;&#8212;&#8212;&#8212;-<\/p>\n\n\n\n<p><\/p>\n\n\n\n<p class=\"has-text-align-left has-medium-font-size\">I<br><\/p>\n\n\n\n<p class=\"has-text-align-center has-medium-font-size\">Mehr erf\u00e4hrst du in Back Home:<\/p>\n\n\n\n<p class=\"has-text-align-center\"><br><strong><a href=\"https:\/\/kraftortmusik.ch\/on-the-way-back-home\/\" target=\"_blank\" rel=\"noreferrer noopener\">BACK HOME<\/a><a href=\"https:\/\/kraftortmusik.ch\/on-the-way-back-home\/\"> <\/a><\/strong><br>&nbsp;<\/p>\n\n\n\n<p class=\"has-medium-font-size\"><\/p>\n\n\n\n<p class=\"has-text-align-center has-medium-font-size\">Mehr Kreativit\u00e4t, schau dir meinen <strong><a href=\"https:\/\/experimentalworld.blog\" target=\"_blank\" rel=\"noreferrer noopener\">Blog<\/a><\/strong> an<\/p>\n\n\n\n<p class=\"has-text-align-left\"><\/p>\n\n\n\n<p><\/p>\n\n\n\n<p><strong>&nbsp;&nbsp;&nbsp;&nbsp;&nbsp;&nbsp;&nbsp;&nbsp;&nbsp;&nbsp;&nbsp;&nbsp;&nbsp;&nbsp;&nbsp;&nbsp;&nbsp;&nbsp;&nbsp;&nbsp;&nbsp;&nbsp;&nbsp;&nbsp;<\/strong> <\/p>\n\n\n\n<p><\/p>\n\n\n\n<h1 class=\"wp-block-heading has-text-align-center\">Facilitation<\/h1>\n\n\n<div class=\"wp-block-image\">\n<figure class=\"aligncenter size-large is-resized\"><img loading=\"lazy\" decoding=\"async\" width=\"600\" height=\"338\" src=\"https:\/\/kulturland.ch\/wp-content\/uploads\/2025\/10\/eXPLO-600x338.jpg\" alt=\"\" class=\"wp-image-1787\" style=\"width:302px;height:auto\" srcset=\"https:\/\/kulturland.ch\/wp-content\/uploads\/2025\/10\/eXPLO-600x338.jpg 600w, https:\/\/kulturland.ch\/wp-content\/uploads\/2025\/10\/eXPLO-300x169.jpg 300w, https:\/\/kulturland.ch\/wp-content\/uploads\/2025\/10\/eXPLO-150x84.jpg 150w, https:\/\/kulturland.ch\/wp-content\/uploads\/2025\/10\/eXPLO-540x304.jpg 540w, https:\/\/kulturland.ch\/wp-content\/uploads\/2025\/10\/eXPLO.jpg 640w\" sizes=\"auto, (max-width: 600px) 100vw, 600px\" \/><\/figure>\n<\/div>\n\n\n<p style=\"font-size:19px\">Facilitation bedeutet dem Wortsinn nach &#8222;Erleichterung&#8220;. Gem\u00e4ss dem Deep Democracy Ansatz, in dem allen Stimmen Aufmerksamkeit entgegengebracht wird, erleichtere ich einer Gruppe, ihren gemeinsamen Prozess zu erforschen, indem wir einander als Rollen begegnen, die zu allen Mitgliedern der Gruppe geh\u00f6ren. Dies stellt vieles auf den Kopf: St\u00f6rungen werden zu L\u00f6sungen, Konflikte f\u00fchren zu Kl\u00e4rungen der Beziehung untereinander. Zentrale, von der Gruppe anerkannte Rollen, Haltungen, Meinungen und marginalisierte Rollen kommen in Fluss und werden befreit von ihrer Zugeh\u00f6rigkeit zu bestimmten Personen. Dieser Weg erlaubt uns Fluidit\u00e4t, die unsere Konflikte in neue M\u00f6glichkeiten wandeln. Dieser Ansatz unterst\u00fctzt uns, wenn wir uns als Gruppe weiterentwickeln m\u00f6chten und noch nicht wissen wie oder wenn wir blockiert sind durch heftige Auseinandersetzungen und nicht weiterkommen. Verborgene Informationen kommen an die Oberfl\u00e4che, unbestimmte Stimmungen kl\u00e4ren sich und das Feld mit all seinen Informationen darf sich in seiner Ganzheit zeigen.<br><br>Aktuell arbeite ich als Facilitator und Coach auch im Bereich Landwirtschaft : zu Themen wie: Teamarbeit, Strukturen, Rollen und Rangbewusstsein, Selbstf\u00fcrsorge inmitten vieler Arbeit. <br><br>Mein Facilitation Projekt mit Dr. Yuliya Filippovska <a href=\"https:\/\/livingtogether.world\">Living Together, Yes? No? How?<\/a><\/p>\n\n\n\n<p><\/p>\n\n\n<div class=\"wp-block-image\">\n<figure class=\"aligncenter\"><img loading=\"lazy\" decoding=\"async\" width=\"400\" height=\"600\" src=\"https:\/\/kulturland.ch\/wp-content\/uploads\/2021\/09\/DSC_0034-400x600.jpg\" alt=\"\" class=\"wp-image-939\" srcset=\"https:\/\/kulturland.ch\/wp-content\/uploads\/2021\/09\/DSC_0034-400x600.jpg 400w, https:\/\/kulturland.ch\/wp-content\/uploads\/2021\/09\/DSC_0034-100x150.jpg 100w, https:\/\/kulturland.ch\/wp-content\/uploads\/2021\/09\/DSC_0034-200x300.jpg 200w, https:\/\/kulturland.ch\/wp-content\/uploads\/2021\/09\/DSC_0034-768x1152.jpg 768w\" sizes=\"auto, (max-width: 400px) 100vw, 400px\" \/><figcaption class=\"wp-element-caption\">Neues  Leben, das bereits angelegt ist, auch wenn noch nicht sichtbar.<\/figcaption><\/figure>\n<\/div>\n\n\n<p class=\"has-text-align-center has-medium-font-size\"><strong>Meine Qualifikationen als Coach und Facilitator<\/strong><\/p>\n\n\n\n<p>Studium in Unintentional Music bei <a rel=\"noreferrer noopener\" aria-label=\"Lane Arye  (\u00f6ffnet in neuem Tab)\" href=\"http:\/\/processworklane.com\" target=\"_blank\">Lane Arye <\/a>und Ruby Brooks: Coaching f\u00fcr MusikerInnen, Einzel &#8211; und Teamarbeit, <br>Abschluss 2003<\/p>\n\n\n\n<p> Studium in Coaching, Facilitation, Conflict Resolution am <br><a rel=\"noreferrer noopener\" aria-label=\"Deep Democracy Institute (\u00f6ffnet in neuem Tab)\" href=\"http:\/\/deepdemocracyinstitute.org\" target=\"_blank\">Deep Democracy Institute<\/a>, Max und Ellen Schupbach <br> Diplomabschluss 2019<\/p>\n\n\n\n<p>Certification in Diamond Power Intelligence bei<a rel=\"noreferrer noopener\" aria-label=\" Julie Diamond (\u00f6ffnet in neuem Tab)\" href=\"https:\/\/diamondleadership.com\" target=\"_blank\"> Julie Diamond<\/a> <br>2021:<\/p>\n\n\n\n<figure class=\"wp-block-image is-resized\"><img loading=\"lazy\" decoding=\"async\" width=\"547\" height=\"451\" src=\"https:\/\/kulturland.ch\/wp-content\/uploads\/2023\/03\/image.png\" alt=\"\" class=\"wp-image-1132\" style=\"width:125px;height:auto\" srcset=\"https:\/\/kulturland.ch\/wp-content\/uploads\/2023\/03\/image.png 547w, https:\/\/kulturland.ch\/wp-content\/uploads\/2023\/03\/image-150x124.png 150w, https:\/\/kulturland.ch\/wp-content\/uploads\/2023\/03\/image-300x247.png 300w\" sizes=\"auto, (max-width: 547px) 100vw, 547px\" \/><\/figure>\n\n\n\n<p><strong>Studium<\/strong> in intuitive Animal and Nature Communication with <br><a aria-label=\"Marta Williams (\u00f6ffnet in neuem Tab)\" href=\"https:\/\/www.martawilliams.com\" target=\"_blank\" rel=\"noreferrer noopener\">Marta Williams<\/a> , Masterprogramm <\/p>\n\n\n\n<p><br><br><\/p>\n\n\n<div class=\"wp-block-image is-resized\">\n<figure class=\"aligncenter\"><img loading=\"lazy\" decoding=\"async\" width=\"600\" height=\"400\" src=\"https:\/\/kulturland.ch\/wp-content\/uploads\/2021\/09\/DSC_0682-1-600x400.jpg\" alt=\"\" class=\"wp-image-919\" srcset=\"https:\/\/kulturland.ch\/wp-content\/uploads\/2021\/09\/DSC_0682-1-600x400.jpg 600w, https:\/\/kulturland.ch\/wp-content\/uploads\/2021\/09\/DSC_0682-1-150x100.jpg 150w, https:\/\/kulturland.ch\/wp-content\/uploads\/2021\/09\/DSC_0682-1-300x200.jpg 300w, https:\/\/kulturland.ch\/wp-content\/uploads\/2021\/09\/DSC_0682-1-768x512.jpg 768w\" sizes=\"auto, (max-width: 600px) 100vw, 600px\" \/><figcaption class=\"wp-element-caption\">Kraftvolles Leben, das sich im Fr\u00fchling Bahn bricht<\/figcaption><\/figure>\n<\/div>\n\n\n<p> <strong>Qualifikationen  Leadership: <\/strong><\/p>\n\n\n\n<p>Leitung Methodik Didaktik Klassen f\u00fcr Klavier am Konservatorium Bern <br>( heute HKB)<\/p>\n\n\n\n<p>Leitung von Klavierklassen Konservatorium Bern, Musikschule unseres Simmental Kandertal, private Klassen<br><br>Co Leitung  kulturland Bauernhof : Freiwillige und  Alpteams  auf  dem Bauernhof und der Alp w\u00e4hrend 25 Jahren<\/p>\n\n\n\n<p>Co-Leitung Musikschule unteres Simmental Kandertal 2015 -2020<\/p>\n\n\n\n<figure class=\"wp-block-gallery aligncenter has-nested-images columns-3 is-cropped wp-block-gallery-1 is-layout-flex wp-block-gallery-is-layout-flex\">\n<figure class=\"wp-block-image\"><a href=\"https:\/\/kulturland.ch\/wp-content\/uploads\/2019\/02\/IMG_2531.jpg\"><img loading=\"lazy\" decoding=\"async\" width=\"1024\" height=\"768\" data-id=\"157\" src=\"https:\/\/kulturland.ch\/wp-content\/uploads\/2019\/02\/IMG_2531-1024x768.jpg\" alt=\"\" class=\"wp-image-157\" srcset=\"https:\/\/kulturland.ch\/wp-content\/uploads\/2019\/02\/IMG_2531-1024x768.jpg 1024w, https:\/\/kulturland.ch\/wp-content\/uploads\/2019\/02\/IMG_2531-150x113.jpg 150w, https:\/\/kulturland.ch\/wp-content\/uploads\/2019\/02\/IMG_2531-300x225.jpg 300w, https:\/\/kulturland.ch\/wp-content\/uploads\/2019\/02\/IMG_2531-768x576.jpg 768w, https:\/\/kulturland.ch\/wp-content\/uploads\/2019\/02\/IMG_2531-120x90.jpg 120w\" sizes=\"auto, (max-width: 1024px) 100vw, 1024px\" \/><\/a><\/figure>\n\n\n\n<figure class=\"wp-block-image\"><a href=\"https:\/\/kulturland.ch\/wp-content\/uploads\/2019\/02\/IMG_2581.jpg\"><img loading=\"lazy\" decoding=\"async\" width=\"768\" height=\"1024\" data-id=\"161\" src=\"https:\/\/kulturland.ch\/wp-content\/uploads\/2019\/02\/IMG_2581-768x1024.jpg\" alt=\"\" class=\"wp-image-161\" srcset=\"https:\/\/kulturland.ch\/wp-content\/uploads\/2019\/02\/IMG_2581-768x1024.jpg 768w, https:\/\/kulturland.ch\/wp-content\/uploads\/2019\/02\/IMG_2581-113x150.jpg 113w, https:\/\/kulturland.ch\/wp-content\/uploads\/2019\/02\/IMG_2581-225x300.jpg 225w\" sizes=\"auto, (max-width: 768px) 100vw, 768px\" \/><\/a><\/figure>\n\n\n\n<figure class=\"wp-block-image\"><a href=\"https:\/\/kulturland.ch\/wp-content\/uploads\/2020\/11\/IMG_3989.jpeg\"><img loading=\"lazy\" decoding=\"async\" width=\"600\" height=\"450\" data-id=\"606\" src=\"https:\/\/kulturland.ch\/wp-content\/uploads\/2020\/11\/IMG_3989-600x450.jpeg\" alt=\"\" class=\"wp-image-606\" srcset=\"https:\/\/kulturland.ch\/wp-content\/uploads\/2020\/11\/IMG_3989-600x450.jpeg 600w, https:\/\/kulturland.ch\/wp-content\/uploads\/2020\/11\/IMG_3989-150x113.jpeg 150w, https:\/\/kulturland.ch\/wp-content\/uploads\/2020\/11\/IMG_3989-300x225.jpeg 300w, https:\/\/kulturland.ch\/wp-content\/uploads\/2020\/11\/IMG_3989-768x576.jpeg 768w, https:\/\/kulturland.ch\/wp-content\/uploads\/2020\/11\/IMG_3989-120x90.jpeg 120w\" sizes=\"auto, (max-width: 600px) 100vw, 600px\" \/><\/a><\/figure>\n<\/figure>\n\n\n\n<p><\/p>\n\n\n\n<p><\/p>\n\n\n\n<p class=\"has-small-font-size\"><strong>Testimonial Prozessarbeit Magdalena Schatzmann<\/strong><\/p>\n\n\n\n<p class=\"has-small-font-size\">Das Coaching mit Magdalena Schatzmann ist sehr bereichernd und herausfordernd. In ihren Sitzungen beleuchtet sie m\u00f6glichst umfassend die Aspekte und Energien einer Thematik. Das erzeugt bei mir ein Gef\u00fchl der Tiefe und erweitert meinen Horizont auf praktischer und mentaler Ebene. Ihre Arbeit basiert auf einem Menschenbild, welches von Achtsamkeit gepr\u00e4gt ist und nicht bewertet. Im Zentrum steht der Prozess der Erweiterung des eigenen Bewusstseins. In einem darauffolgenden Schritt entstehen daraus immer l\u00f6sungsorientierte Ans\u00e4tze f\u00fcr das private und berufliche Leben. Magdalena ist eine exzellente Zuh\u00f6rerin und versteht es, als wertvoller Spiegel die essenziellen Seiten eines Konfliktes oder eines Lernfeldes herauszudestillieren.<\/p>\n\n\n\n<p class=\"has-small-font-size\">Sandro H\u00e4sler, Interlaken,Musiker, Musikschulleiter und Dozent<\/p>\n\n\n\n<p><\/p>\n\n\n\n<p>&nbsp;<\/p>\n\n\n\n<p><br> <br> <\/p>\n","protected":false},"excerpt":{"rendered":"<p>Coaching und Facilitation Kurzfristiges Coaching: Du hast eine Krise und brauchst dringend Unterst\u00fctzung. Einige Coachings k\u00f6nnen dir helfen, wieder Fluss&hellip;<\/p>\n","protected":false},"author":1,"featured_media":0,"parent":0,"menu_order":0,"comment_status":"closed","ping_status":"closed","template":"","meta":{"footnotes":""},"class_list":["post-14","page","type-page","status-publish","hentry"],"_links":{"self":[{"href":"https:\/\/kulturland.ch\/index.php?rest_route=\/wp\/v2\/pages\/14","targetHints":{"allow":["GET"]}}],"collection":[{"href":"https:\/\/kulturland.ch\/index.php?rest_route=\/wp\/v2\/pages"}],"about":[{"href":"https:\/\/kulturland.ch\/index.php?rest_route=\/wp\/v2\/types\/page"}],"author":[{"embeddable":true,"href":"https:\/\/kulturland.ch\/index.php?rest_route=\/wp\/v2\/users\/1"}],"replies":[{"embeddable":true,"href":"https:\/\/kulturland.ch\/index.php?rest_route=%2Fwp%2Fv2%2Fcomments&post=14"}],"version-history":[{"count":163,"href":"https:\/\/kulturland.ch\/index.php?rest_route=\/wp\/v2\/pages\/14\/revisions"}],"predecessor-version":[{"id":1824,"href":"https:\/\/kulturland.ch\/index.php?rest_route=\/wp\/v2\/pages\/14\/revisions\/1824"}],"wp:attachment":[{"href":"https:\/\/kulturland.ch\/index.php?rest_route=%2Fwp%2Fv2%2Fmedia&parent=14"}],"curies":[{"name":"wp","href":"https:\/\/api.w.org\/{rel}","templated":true}]}}