{"id":15,"date":"2019-01-26T09:22:16","date_gmt":"2019-01-26T09:22:16","guid":{"rendered":"https:\/\/kulturland.ch\/wordpress\/?page_id=15"},"modified":"2021-10-07T05:22:35","modified_gmt":"2021-10-07T05:22:35","slug":"prozessarbeit-deep-democracy","status":"publish","type":"page","link":"https:\/\/kulturland.ch\/?page_id=15","title":{"rendered":"Prozessarbeit \/ Deep Democracy"},"content":{"rendered":"\n<p><\/p>\n\n\n\n<h4 class=\"wp-block-heading\"><strong>Prozessarbeit<\/strong><\/h4>\n\n\n\n<p>Arnold Mindell\u00a0entwickelte in den 70er und 80 er Jahren des vergangenen Jahrhunderts in Z\u00fcrich die prozessorientierte Psychologie, heute Prozessarbeit genannt. Arnold Mindell ist Physiker, war Jung\u2019scher Lehranalytiker und ist der Begr\u00fcnder der weltweit praktizierten Prozessarbeit. Es m\u00fcssen besonders neugierige, forschungsfreudige und innovative Menschen gewesen sein, die mit ihm zusammen diese tiefgreifende Welt entdeckt und erforscht haben und sich gemeinsam auf einen unbekannten Weg aufmachten. Was mit Psychotherapie begann, ist heute ein Ansatz, der sowohl in der Therapie wie auch im wirtschaftlichen, sozialen, medizinischen, k\u00fcnstlerischen, p\u00e4dagogischen und politischen Feld angewandt wird und der in seiner transformativen Eigenschaft in die Zukunft leuchtet. Arnold \u00a0Mindell brachte Psychologie, spirituelles und indigenes Wissen mit neuester Physik wie die die Quantenphysik auf eine unvergleichliche Weise zusammen und erforschte auf diesem faszinierenden Weg \u00a0Methoden, die in allen Lebensbereichen angewandt werden k\u00f6nnen. Den Weg der Prozessarbeit zu beschreiten bedeutet meiner Erfahrung nach, mich dem Lebensprozess schlechthin hinzugeben: Jeder Tag birgt die M\u00f6glichkeit, Neues zu entdecken, meine Identit\u00e4t zu erweitern, mich durch Konflikte, St\u00f6rungen und \u00dcberraschung verwandeln zu lassen, indem ich, ganz kurz gesagt, allem was passiert, mit \u201eAnf\u00e4ngergeist\u201c folge, statt mit vorgefassten Bildern und Konzepten meinen Alltag bew\u00e4ltigen zu wollen. \u00a0Prozessarbeit l\u00e4sst sich sehr gut f\u00fcr die Musik und allgemein  k\u00fcnstlerische Aktivit\u00e4ten nutzen. Lesen Sie mehr \u00fcber auf der Seite\u00a0<a rel=\"noreferrer noopener\" href=\"http:\/\/www.kraftortmusik.ch\/\" target=\"_blank\">KraftortMusik.<\/a><br> <br> <\/p>\n\n\n\n<p class=\"has-medium-font-size\"><strong>Deep\nDemocracy<\/strong><\/p>\n\n\n\n<p>Deep\nDemocracy ist ein Begriff in der Prozessarbeit, den Arnold Mindell im Lauf\nseiner Forschung entwickelte und welcher erstmals im Buch &nbsp;<strong>The Leader\nas Martial Artist&nbsp;(1)&nbsp;<\/strong>auftaucht. Er fand zu diesem Begriff durch\nseine vielen Erfahrungen mit Gruppen, mit denen er weltweit arbeitete. Dieser\nAnsatz ist in der Prozessarbeit sehr bedeutsam geworden und wird heute\nvielf\u00e4ltig angewandt, sei es in politischen Gruppen, in Organisationen, Teams\nund in der Arbeit mit Einzelnen.<br>\n1 A. Mindell: Leader as Martial Artist, Harper, San Francisco, 1992<\/p>\n\n\n\n<p>Max\nSchupbach, ein Kollege von Arnold Mindell, der die Prozessarbeit von Beginn an\nmitentwickelte, gr\u00fcndete 2006 zusammen mit Ellen Schupbach und einem kleinen\nTeam das&nbsp;<a href=\"http:\/\/www.deepdemocracyinstitute.org\/\" target=\"_blank\" rel=\"noreferrer noopener\">Deep Democracy Institut<\/a>. Inzwischen gibt es\nweltweit Ausbildungstrainings. Deep Democracy ist, wie der Name&nbsp;aussagt,\ntiefer als unser normales Verst\u00e4ndnis von Demokratie, welches vor allem&nbsp;\nauf&nbsp; Mehrheitsmeinungen&nbsp; aufbaut, die sich aufgrund von\ndemokratischen Abstimmungen zeigen. Deep Democracy in der Prozessarbeit\nbedeutet kurz gesagt, dass alle Stimmen in einer Gruppe wie auch in einem\nIndividuum als gleich wichtig beachtet werden. Nebst den Stimmen, die die\ngewohnte Identit\u00e4t einer Gruppe oder eines Individuums repr\u00e4sentieren, werden\nandere Stimmen bzw. Rollen ebenso beachtet. &nbsp;Dies k\u00f6nnen kritische Stimmen\neiner Minorit\u00e4t sein oder auch Stimmungen, welche normalerweise \u00fcbergangen\nwerden.&nbsp;Die Rolle des Facilitator\/ der Facilitatorin (Facilitation=\nErleichterung) erleichtert der Gruppe die Wahrnehmung aller Stimmen, sodass\ns\u00e4mtliche Stimmen und Energien in einer Gruppe zum Ausdruck kommen. Das Feld\nmit all seinen Informationen erscheint in seiner Ganzheit und ver\u00e4ndert die\nGruppe. Die innere Haltung in Deep Democracy bedeutet, in Freundschaft mit\nallen Teilen der Gruppe oder auch in mir selbst zu sein, sodass sich aus der\nZusammenarbeit aller Stimmen neue und sehr kreative, nicht vorhersehbare\nKonfliktl\u00f6sungen, Wege etc. entwickeln k\u00f6nnen.<\/p>\n\n\n\n<ul class=\"wp-block-gallery columns-3 is-cropped wp-block-gallery-1 is-layout-flex wp-block-gallery-is-layout-flex\"><li class=\"blocks-gallery-item\"><figure><a href=\"https:\/\/kulturland.ch\/wp-content\/uploads\/2019\/02\/IMG_2626-1024x768.jpg\"><img loading=\"lazy\" decoding=\"async\" width=\"1024\" height=\"768\" src=\"https:\/\/kulturland.ch\/wp-content\/uploads\/2019\/02\/IMG_2626-1024x768.jpg\" alt=\"\" data-id=\"236\" data-link=\"https:\/\/kulturland.ch\/?attachment_id=236\" class=\"wp-image-236\" srcset=\"https:\/\/kulturland.ch\/wp-content\/uploads\/2019\/02\/IMG_2626-1024x768.jpg 1024w, https:\/\/kulturland.ch\/wp-content\/uploads\/2019\/02\/IMG_2626-150x113.jpg 150w, https:\/\/kulturland.ch\/wp-content\/uploads\/2019\/02\/IMG_2626-300x225.jpg 300w, https:\/\/kulturland.ch\/wp-content\/uploads\/2019\/02\/IMG_2626-768x576.jpg 768w, https:\/\/kulturland.ch\/wp-content\/uploads\/2019\/02\/IMG_2626-120x90.jpg 120w\" sizes=\"auto, (max-width: 1024px) 100vw, 1024px\" \/><\/a><\/figure><\/li><li class=\"blocks-gallery-item\"><figure><a href=\"https:\/\/kulturland.ch\/wp-content\/uploads\/2019\/02\/IMG_2415-1024x768.jpg\"><img loading=\"lazy\" decoding=\"async\" width=\"1024\" height=\"768\" src=\"https:\/\/kulturland.ch\/wp-content\/uploads\/2019\/02\/IMG_2415-1024x768.jpg\" alt=\"\" data-id=\"237\" data-link=\"https:\/\/kulturland.ch\/?attachment_id=237\" class=\"wp-image-237\" srcset=\"https:\/\/kulturland.ch\/wp-content\/uploads\/2019\/02\/IMG_2415-1024x768.jpg 1024w, https:\/\/kulturland.ch\/wp-content\/uploads\/2019\/02\/IMG_2415-150x113.jpg 150w, https:\/\/kulturland.ch\/wp-content\/uploads\/2019\/02\/IMG_2415-300x225.jpg 300w, https:\/\/kulturland.ch\/wp-content\/uploads\/2019\/02\/IMG_2415-768x576.jpg 768w, https:\/\/kulturland.ch\/wp-content\/uploads\/2019\/02\/IMG_2415-120x90.jpg 120w\" sizes=\"auto, (max-width: 1024px) 100vw, 1024px\" \/><\/a><\/figure><\/li><li class=\"blocks-gallery-item\"><figure><a href=\"https:\/\/kulturland.ch\/wp-content\/uploads\/2019\/02\/IMG_2408-768x1024.jpg\"><img loading=\"lazy\" decoding=\"async\" width=\"768\" height=\"1024\" src=\"https:\/\/kulturland.ch\/wp-content\/uploads\/2019\/02\/IMG_2408-768x1024.jpg\" alt=\"\" data-id=\"238\" data-link=\"https:\/\/kulturland.ch\/?attachment_id=238\" class=\"wp-image-238\" srcset=\"https:\/\/kulturland.ch\/wp-content\/uploads\/2019\/02\/IMG_2408-768x1024.jpg 768w, https:\/\/kulturland.ch\/wp-content\/uploads\/2019\/02\/IMG_2408-113x150.jpg 113w, https:\/\/kulturland.ch\/wp-content\/uploads\/2019\/02\/IMG_2408-225x300.jpg 225w\" sizes=\"auto, (max-width: 768px) 100vw, 768px\" \/><\/a><\/figure><\/li><\/ul>\n","protected":false},"excerpt":{"rendered":"<p>Prozessarbeit Arnold Mindell\u00a0entwickelte in den 70er und 80 er Jahren des vergangenen Jahrhunderts in Z\u00fcrich die prozessorientierte Psychologie, heute Prozessarbeit&hellip;<\/p>\n","protected":false},"author":1,"featured_media":0,"parent":0,"menu_order":0,"comment_status":"closed","ping_status":"closed","template":"","meta":{"footnotes":""},"class_list":["post-15","page","type-page","status-publish","hentry"],"_links":{"self":[{"href":"https:\/\/kulturland.ch\/index.php?rest_route=\/wp\/v2\/pages\/15","targetHints":{"allow":["GET"]}}],"collection":[{"href":"https:\/\/kulturland.ch\/index.php?rest_route=\/wp\/v2\/pages"}],"about":[{"href":"https:\/\/kulturland.ch\/index.php?rest_route=\/wp\/v2\/types\/page"}],"author":[{"embeddable":true,"href":"https:\/\/kulturland.ch\/index.php?rest_route=\/wp\/v2\/users\/1"}],"replies":[{"embeddable":true,"href":"https:\/\/kulturland.ch\/index.php?rest_route=%2Fwp%2Fv2%2Fcomments&post=15"}],"version-history":[{"count":48,"href":"https:\/\/kulturland.ch\/index.php?rest_route=\/wp\/v2\/pages\/15\/revisions"}],"predecessor-version":[{"id":970,"href":"https:\/\/kulturland.ch\/index.php?rest_route=\/wp\/v2\/pages\/15\/revisions\/970"}],"wp:attachment":[{"href":"https:\/\/kulturland.ch\/index.php?rest_route=%2Fwp%2Fv2%2Fmedia&parent=15"}],"curies":[{"name":"wp","href":"https:\/\/api.w.org\/{rel}","templated":true}]}}