{"id":99,"date":"2019-02-11T10:42:13","date_gmt":"2019-02-11T10:42:13","guid":{"rendered":"https:\/\/kulturland.ch\/?page_id=99"},"modified":"2026-05-20T07:49:34","modified_gmt":"2026-05-20T07:49:34","slug":"home","status":"publish","type":"page","link":"https:\/\/kulturland.ch\/","title":{"rendered":"Home"},"content":{"rendered":"\n<h2 class=\"wp-block-heading has-text-align-center has-medium-font-size\">WILLKOMMEN AUF KULTURLAND<\/h2>\n\n\n\n<h3 class=\"wp-block-heading has-text-align-center has-medium-font-size\">Ein Ort f\u00fcr dich, f\u00fcr deine Kreativit\u00e4t, Wellbeing, deine Bewusstseinserweiterung<\/h3>\n\n\n\n<div class=\"wp-block-columns is-layout-flex wp-container-core-columns-is-layout-9d6595d7 wp-block-columns-is-layout-flex\">\n<div class=\"wp-block-column is-layout-flow wp-block-column-is-layout-flow\" style=\"flex-basis:100%\">\n<figure class=\"wp-block-gallery has-nested-images columns-default is-cropped wp-block-gallery-1 is-layout-flex wp-block-gallery-is-layout-flex\">\n<figure class=\"wp-block-image size-large\"><img loading=\"lazy\" decoding=\"async\" width=\"600\" height=\"450\" data-id=\"803\" src=\"https:\/\/kulturland.ch\/wp-content\/uploads\/2021\/08\/Gr\u00fce2-600x450.jpg\" alt=\"\" class=\"wp-image-803\" srcset=\"https:\/\/kulturland.ch\/wp-content\/uploads\/2021\/08\/Gr\u00fce2-600x450.jpg 600w, https:\/\/kulturland.ch\/wp-content\/uploads\/2021\/08\/Gr\u00fce2-150x113.jpg 150w, https:\/\/kulturland.ch\/wp-content\/uploads\/2021\/08\/Gr\u00fce2-300x225.jpg 300w, https:\/\/kulturland.ch\/wp-content\/uploads\/2021\/08\/Gr\u00fce2-768x576.jpg 768w, https:\/\/kulturland.ch\/wp-content\/uploads\/2021\/08\/Gr\u00fce2-120x90.jpg 120w\" sizes=\"auto, (max-width: 600px) 100vw, 600px\" \/><\/figure>\n\n\n\n<figure class=\"wp-block-image size-large\"><img loading=\"lazy\" decoding=\"async\" width=\"600\" height=\"450\" data-id=\"981\" src=\"https:\/\/kulturland.ch\/wp-content\/uploads\/2021\/11\/IMG_4642-600x450.jpeg\" alt=\"\" class=\"wp-image-981\" srcset=\"https:\/\/kulturland.ch\/wp-content\/uploads\/2021\/11\/IMG_4642-600x450.jpeg 600w, https:\/\/kulturland.ch\/wp-content\/uploads\/2021\/11\/IMG_4642-150x113.jpeg 150w, https:\/\/kulturland.ch\/wp-content\/uploads\/2021\/11\/IMG_4642-300x225.jpeg 300w, https:\/\/kulturland.ch\/wp-content\/uploads\/2021\/11\/IMG_4642-768x576.jpeg 768w, https:\/\/kulturland.ch\/wp-content\/uploads\/2021\/11\/IMG_4642-120x90.jpeg 120w\" sizes=\"auto, (max-width: 600px) 100vw, 600px\" \/><\/figure>\n\n\n\n<figure class=\"wp-block-image size-large\"><img loading=\"lazy\" decoding=\"async\" width=\"600\" height=\"400\" data-id=\"1778\" src=\"https:\/\/kulturland.ch\/wp-content\/uploads\/2025\/10\/BildGlocken-600x400.jpg\" alt=\"\" class=\"wp-image-1778\" srcset=\"https:\/\/kulturland.ch\/wp-content\/uploads\/2025\/10\/BildGlocken-600x400.jpg 600w, https:\/\/kulturland.ch\/wp-content\/uploads\/2025\/10\/BildGlocken-300x200.jpg 300w, https:\/\/kulturland.ch\/wp-content\/uploads\/2025\/10\/BildGlocken-150x100.jpg 150w, https:\/\/kulturland.ch\/wp-content\/uploads\/2025\/10\/BildGlocken-768x512.jpg 768w, https:\/\/kulturland.ch\/wp-content\/uploads\/2025\/10\/BildGlocken-1536x1024.jpg 1536w, https:\/\/kulturland.ch\/wp-content\/uploads\/2025\/10\/BildGlocken-2048x1366.jpg 2048w\" sizes=\"auto, (max-width: 600px) 100vw, 600px\" \/><\/figure>\n<\/figure>\n<\/div>\n<\/div>\n\n\n\n<p class=\"has-text-align-center has-medium-font-size\"><strong><a href=\"https:\/\/experimentalworld.blog\" target=\"_blank\" rel=\"noreferrer noopener\">Mein Blo<\/a><\/strong><a href=\"https:\/\/experimentalworld.blog\"><strong>g<\/strong><\/a><\/p>\n\n\n\n<h2 class=\"wp-block-heading has-text-align-center\"> COACHING AND FACILITATION<\/h2>\n\n\n\n<p>,<br> Deine Themen, Probleme, W\u00fcnsche etc verstehe ich als Sprungbrett zur Erweiterung deines Bewusstseins. Ausserdem verstehe ich jedes Leben als Kunstwerk. Lerne dich neu kennen und sch\u00e4tzen.<strong><br><\/strong><strong><br><\/strong><a aria-label=\"Details zu meinem Coaching  (\u00f6ffnet in neuem Tab)\" href=\"https:\/\/kulturland.ch\/?page_id=14\" target=\"_blank\" rel=\"noreferrer noopener\">Details<\/a><\/p>\n\n\n\n<p class=\"has-text-align-center has-medium-font-size\">Aktuell: Facilitation Projekt:  <\/p>\n\n\n\n<p class=\"has-text-align-center has-large-font-size\"><a href=\"https:\/\/livingtogether.world\"><strong>Living together Yes? No?How?<\/strong><\/a><\/p>\n\n\n\n<p class=\"has-text-align-center has-large-font-size\"><strong>Musikworkshop 5. bis 7. Juni in Berlin:<\/strong><\/p>\n\n\n\n<p><a href=\"https:\/\/exploratorium-berlin.de\/events\/lernraum\/der-ruf-deiner-unbekannten-kreativitaet-26-1\">https:\/\/exploratorium-berlin.de\/events\/lernraum\/der-ruf-deiner-unbekannten-kreativitaet-26-1<\/a><br><\/p>\n\n\n\n<hr class=\"wp-block-separator has-alpha-channel-opacity\"\/>\n\n\n\n<h2 class=\"wp-block-heading has-text-align-center\">ANIMAL AND NATURE COMMUNICATION<\/h2>\n\n\n\n<p>Intuitive Kommunikation mit Tieren und mit der Natur ist wechselseitig. Natur und Tiere sind  in einem dauernden Kommunikationsfluss zu uns Menschen, auch wenn wir uns dessen nicht bewusst sind. Die intuitive Kommunikation erm\u00f6glicht das Bewusstmachen dieses kommunikativen Flusses und unterst\u00fctzt die Beziehung, die wir mit Tieren und der Natur pflegen. Ich unterst\u00fctze dich, dein\/e Tier\/e vertiefter zu verstehen und auf diesem Weg dich selber besser kennenzulernen.&nbsp;Dein Tier kann dir im Reading zeigen, was wichtig ist, was es nicht versteht, weshalb es wie agiert oder reagiert. Die intuitive Kommunikation mit der uns umgebenden Natur und mit den Tieren unterst\u00fctzt dich in deinem Alltag und erweitert dein Bewusstsein.<br><a href=\"https:\/\/kulturland.ch\/?page_id=1441\" target=\"_blank\" rel=\"noreferrer noopener\">Mehr dazu<\/a><\/p>\n\n\n\n<p><\/p>\n\n\n\n<div class=\"wp-block-columns is-layout-flex wp-container-core-columns-is-layout-9d6595d7 wp-block-columns-is-layout-flex\">\n<div class=\"wp-block-column is-layout-flow wp-block-column-is-layout-flow\" style=\"flex-basis:100%\">\n<div class=\"wp-block-group\"><div class=\"wp-block-group__inner-container is-layout-constrained wp-block-group-is-layout-constrained\">\n<div class=\"wp-block-group\"><div class=\"wp-block-group__inner-container is-layout-constrained wp-block-group-is-layout-constrained\">\n<div class=\"wp-block-columns is-layout-flex wp-container-core-columns-is-layout-9d6595d7 wp-block-columns-is-layout-flex\">\n<div class=\"wp-block-column is-layout-flow wp-block-column-is-layout-flow\" style=\"flex-basis:100%\">\n<figure class=\"wp-block-gallery has-nested-images columns-default is-cropped wp-block-gallery-2 is-layout-flex wp-block-gallery-is-layout-flex\">\n<figure class=\"wp-block-image size-large\"><img loading=\"lazy\" decoding=\"async\" width=\"600\" height=\"450\" data-id=\"1768\" src=\"https:\/\/kulturland.ch\/wp-content\/uploads\/2025\/10\/IMG_7676-600x450.jpeg\" alt=\"\" class=\"wp-image-1768\" srcset=\"https:\/\/kulturland.ch\/wp-content\/uploads\/2025\/10\/IMG_7676-600x450.jpeg 600w, https:\/\/kulturland.ch\/wp-content\/uploads\/2025\/10\/IMG_7676-300x225.jpeg 300w, https:\/\/kulturland.ch\/wp-content\/uploads\/2025\/10\/IMG_7676-150x113.jpeg 150w, https:\/\/kulturland.ch\/wp-content\/uploads\/2025\/10\/IMG_7676-768x576.jpeg 768w, https:\/\/kulturland.ch\/wp-content\/uploads\/2025\/10\/IMG_7676-1536x1152.jpeg 1536w, https:\/\/kulturland.ch\/wp-content\/uploads\/2025\/10\/IMG_7676-2048x1536.jpeg 2048w, https:\/\/kulturland.ch\/wp-content\/uploads\/2025\/10\/IMG_7676-120x90.jpeg 120w\" sizes=\"auto, (max-width: 600px) 100vw, 600px\" \/><\/figure>\n\n\n\n<figure class=\"wp-block-image size-large\"><img loading=\"lazy\" decoding=\"async\" width=\"600\" height=\"450\" data-id=\"1306\" src=\"https:\/\/kulturland.ch\/wp-content\/uploads\/2024\/04\/IMG_6722-1-600x450.jpeg\" alt=\"\" class=\"wp-image-1306\" srcset=\"https:\/\/kulturland.ch\/wp-content\/uploads\/2024\/04\/IMG_6722-1-600x450.jpeg 600w, https:\/\/kulturland.ch\/wp-content\/uploads\/2024\/04\/IMG_6722-1-300x225.jpeg 300w, https:\/\/kulturland.ch\/wp-content\/uploads\/2024\/04\/IMG_6722-1-150x113.jpeg 150w, https:\/\/kulturland.ch\/wp-content\/uploads\/2024\/04\/IMG_6722-1-768x576.jpeg 768w, https:\/\/kulturland.ch\/wp-content\/uploads\/2024\/04\/IMG_6722-1-1536x1152.jpeg 1536w, https:\/\/kulturland.ch\/wp-content\/uploads\/2024\/04\/IMG_6722-1-2048x1536.jpeg 2048w, https:\/\/kulturland.ch\/wp-content\/uploads\/2024\/04\/IMG_6722-1-120x90.jpeg 120w\" sizes=\"auto, (max-width: 600px) 100vw, 600px\" \/><\/figure>\n\n\n\n<figure class=\"wp-block-image size-large\"><img loading=\"lazy\" decoding=\"async\" width=\"600\" height=\"450\" data-id=\"1772\" src=\"https:\/\/kulturland.ch\/wp-content\/uploads\/2025\/10\/IMG_7682-600x450.jpeg\" alt=\"\" class=\"wp-image-1772\" srcset=\"https:\/\/kulturland.ch\/wp-content\/uploads\/2025\/10\/IMG_7682-600x450.jpeg 600w, https:\/\/kulturland.ch\/wp-content\/uploads\/2025\/10\/IMG_7682-300x225.jpeg 300w, https:\/\/kulturland.ch\/wp-content\/uploads\/2025\/10\/IMG_7682-150x113.jpeg 150w, https:\/\/kulturland.ch\/wp-content\/uploads\/2025\/10\/IMG_7682-768x576.jpeg 768w, https:\/\/kulturland.ch\/wp-content\/uploads\/2025\/10\/IMG_7682-1536x1152.jpeg 1536w, https:\/\/kulturland.ch\/wp-content\/uploads\/2025\/10\/IMG_7682-2048x1536.jpeg 2048w, https:\/\/kulturland.ch\/wp-content\/uploads\/2025\/10\/IMG_7682-120x90.jpeg 120w\" sizes=\"auto, (max-width: 600px) 100vw, 600px\" \/><\/figure>\n<\/figure>\n<\/div>\n<\/div>\n<\/div><\/div>\n<\/div><\/div>\n<\/div>\n<\/div>\n\n\n\n<p class=\"has-text-align-center has-large-font-size\"><\/p>\n\n\n\n<h3 class=\"wp-block-heading has-text-align-center\"><strong> <\/strong><\/h3>\n\n\n\n<p>&#8212;&#8212;&#8212;&#8212;&#8212;&#8212;&#8212;&#8212;&#8212;&#8212;&#8212;&#8212;&#8212;&#8212;&#8212;&#8212;&#8212;&#8212;&#8212;&#8212;&#8212;&#8212;&#8212;&#8212;&#8212;&#8212;&#8212;&#8212;&#8212;&#8212;&#8212;&#8212;&#8212;&#8212;&#8211;<\/p>\n\n\n\n<h2 class=\"wp-block-heading has-text-align-center\">KUNST UND MUSIK<\/h2>\n\n\n\n<p class=\"has-text-align-center\">Wie lebt es sich k\u00fcnstlerisch? Schau nach auf<a href=\"https:\/\/kraftortmusik.ch\"> KraftortMusik<\/a><\/p>\n\n\n\n<p><\/p>\n\n\n\n<p><\/p>\n\n\n\n<p><\/p>\n\n\n\n<h2 class=\"wp-block-heading has-text-align-center\">RETREAT<\/h2>\n\n\n\n<h3 class=\"wp-block-heading has-text-align-center has-medium-font-size\">Eine Wohnung zur Erholung, zur Arbeit im Home Office,  als  Working Space, als Ausgangspunkt f\u00fcr diverse Wanderungen und Ausfl\u00fcge.  <\/h3>\n\n\n\n<p><\/p>\n\n\n\n<figure class=\"wp-block-gallery has-nested-images columns-default is-cropped wp-block-gallery-3 is-layout-flex wp-block-gallery-is-layout-flex\">\n<figure class=\"wp-block-image size-large\"><img loading=\"lazy\" decoding=\"async\" width=\"600\" height=\"450\" data-id=\"1328\" src=\"https:\/\/kulturland.ch\/wp-content\/uploads\/2024\/04\/Stube_1-600x450.jpg\" alt=\"\" class=\"wp-image-1328\" srcset=\"https:\/\/kulturland.ch\/wp-content\/uploads\/2024\/04\/Stube_1-600x450.jpg 600w, https:\/\/kulturland.ch\/wp-content\/uploads\/2024\/04\/Stube_1-300x225.jpg 300w, https:\/\/kulturland.ch\/wp-content\/uploads\/2024\/04\/Stube_1-150x113.jpg 150w, https:\/\/kulturland.ch\/wp-content\/uploads\/2024\/04\/Stube_1-768x576.jpg 768w, https:\/\/kulturland.ch\/wp-content\/uploads\/2024\/04\/Stube_1-1536x1152.jpg 1536w, https:\/\/kulturland.ch\/wp-content\/uploads\/2024\/04\/Stube_1-120x90.jpg 120w, https:\/\/kulturland.ch\/wp-content\/uploads\/2024\/04\/Stube_1.jpg 1600w\" sizes=\"auto, (max-width: 600px) 100vw, 600px\" \/><\/figure>\n\n\n\n<figure class=\"wp-block-image size-large\"><img loading=\"lazy\" decoding=\"async\" width=\"600\" height=\"450\" data-id=\"1330\" src=\"https:\/\/kulturland.ch\/wp-content\/uploads\/2024\/04\/Stube_11-600x450.jpg\" alt=\"\" class=\"wp-image-1330\" srcset=\"https:\/\/kulturland.ch\/wp-content\/uploads\/2024\/04\/Stube_11-600x450.jpg 600w, https:\/\/kulturland.ch\/wp-content\/uploads\/2024\/04\/Stube_11-300x225.jpg 300w, https:\/\/kulturland.ch\/wp-content\/uploads\/2024\/04\/Stube_11-150x113.jpg 150w, https:\/\/kulturland.ch\/wp-content\/uploads\/2024\/04\/Stube_11-768x576.jpg 768w, https:\/\/kulturland.ch\/wp-content\/uploads\/2024\/04\/Stube_11-1536x1152.jpg 1536w, https:\/\/kulturland.ch\/wp-content\/uploads\/2024\/04\/Stube_11-120x90.jpg 120w, https:\/\/kulturland.ch\/wp-content\/uploads\/2024\/04\/Stube_11.jpg 1600w\" sizes=\"auto, (max-width: 600px) 100vw, 600px\" \/><\/figure>\n\n\n\n<figure class=\"wp-block-image size-large\"><img loading=\"lazy\" decoding=\"async\" width=\"600\" height=\"450\" data-id=\"1334\" src=\"https:\/\/kulturland.ch\/wp-content\/uploads\/2024\/04\/Stube_5-600x450.jpg\" alt=\"\" class=\"wp-image-1334\" srcset=\"https:\/\/kulturland.ch\/wp-content\/uploads\/2024\/04\/Stube_5-600x450.jpg 600w, https:\/\/kulturland.ch\/wp-content\/uploads\/2024\/04\/Stube_5-300x225.jpg 300w, https:\/\/kulturland.ch\/wp-content\/uploads\/2024\/04\/Stube_5-150x113.jpg 150w, https:\/\/kulturland.ch\/wp-content\/uploads\/2024\/04\/Stube_5-768x576.jpg 768w, https:\/\/kulturland.ch\/wp-content\/uploads\/2024\/04\/Stube_5-1536x1152.jpg 1536w, https:\/\/kulturland.ch\/wp-content\/uploads\/2024\/04\/Stube_5-120x90.jpg 120w, https:\/\/kulturland.ch\/wp-content\/uploads\/2024\/04\/Stube_5.jpg 1600w\" sizes=\"auto, (max-width: 600px) 100vw, 600px\" \/><\/figure>\n<\/figure>\n\n\n\n<p>Geniesse die  Natur, eine Wohnung im alten Simmentalerhaus und\/oder  die M\u00f6glichkeit, dein Coaching mit einem mehrt\u00e4gigen Retreat zu verbinden oder die Wohnung als vor\u00fcbergehenden Arbeitsort zu nutzen<br><\/p>\n\n\n\n<p><strong><a href=\"https:\/\/kulturland.ch\/?page_id=93\" target=\"_blank\" rel=\"noreferrer noopener\" aria-label=\"Details (\u00f6ffnet in neuem Tab)\">Details<\/a><\/strong><br><\/p>\n\n\n\n<figure class=\"wp-block-gallery aligncenter has-nested-images columns-default is-cropped wp-block-gallery-4 is-layout-flex wp-block-gallery-is-layout-flex\"><\/figure>\n\n\n\n<p class=\"has-text-align-center\"><\/p>\n\n\n\n<p><\/p>\n\n\n\n<p><\/p>\n\n\n\n<p><\/p>\n\n\n\n<p><\/p>\n\n\n\n<p><\/p>\n\n\n\n<p><\/p>\n\n\n\n<p><\/p>\n\n\n\n<p><\/p>\n\n\n\n<p><a rel=\"noreferrer noopener\" aria-label=\"INFO DEEP DEMOCRACY WALK (\u00f6ffnet in neuem Tab)\" href=\"http:\/\/ https:\/\/kulturland.ch\/?attachment_id=689\" target=\"_blank\"> <\/a><a rel=\"noreferrer noopener\" aria-label=\"INFO   (\u00f6ffnet in neuem Tab)\" href=\"https:\/\/kulturland.ch\/wp-content\/uploads\/2021\/03\/DDWalk.2021docx.pdf\" target=\"_blank\"> <\/a><\/p>\n","protected":false},"excerpt":{"rendered":"<p>WILLKOMMEN AUF KULTURLAND Ein Ort f\u00fcr dich, f\u00fcr deine Kreativit\u00e4t, Wellbeing, deine Bewusstseinserweiterung Mein Blog COACHING AND FACILITATION , Deine&hellip;<\/p>\n","protected":false},"author":1,"featured_media":0,"parent":0,"menu_order":0,"comment_status":"closed","ping_status":"closed","template":"","meta":{"footnotes":""},"class_list":["post-99","page","type-page","status-publish","hentry"],"_links":{"self":[{"href":"https:\/\/kulturland.ch\/index.php?rest_route=\/wp\/v2\/pages\/99","targetHints":{"allow":["GET"]}}],"collection":[{"href":"https:\/\/kulturland.ch\/index.php?rest_route=\/wp\/v2\/pages"}],"about":[{"href":"https:\/\/kulturland.ch\/index.php?rest_route=\/wp\/v2\/types\/page"}],"author":[{"embeddable":true,"href":"https:\/\/kulturland.ch\/index.php?rest_route=\/wp\/v2\/users\/1"}],"replies":[{"embeddable":true,"href":"https:\/\/kulturland.ch\/index.php?rest_route=%2Fwp%2Fv2%2Fcomments&post=99"}],"version-history":[{"count":163,"href":"https:\/\/kulturland.ch\/index.php?rest_route=\/wp\/v2\/pages\/99\/revisions"}],"predecessor-version":[{"id":1829,"href":"https:\/\/kulturland.ch\/index.php?rest_route=\/wp\/v2\/pages\/99\/revisions\/1829"}],"wp:attachment":[{"href":"https:\/\/kulturland.ch\/index.php?rest_route=%2Fwp%2Fv2%2Fmedia&parent=99"}],"curies":[{"name":"wp","href":"https:\/\/api.w.org\/{rel}","templated":true}]}}